{"id":1604,"date":"2025-10-08T08:51:09","date_gmt":"2025-10-08T08:51:09","guid":{"rendered":"https:\/\/lowcaly-new.local\/?page_id=1604"},"modified":"2025-10-08T08:53:01","modified_gmt":"2025-10-08T08:53:01","slug":"integritetspolicy","status":"publish","type":"page","link":"https:\/\/www.lowcaly.com\/sv\/integritetspolicy\/","title":{"rendered":"Integritetspolicy"},"content":{"rendered":"\n<div class=\"wp-block-lowcaly-blocks-whitespace lowcaly-whitespace\" style=\"--desktop-height:4rem;--mobile-height:4rem;height:var(--desktop-height);display:block;width:100%\"><\/div>\n\n\n\n<div class=\"wp-block-lowcaly-blocks-button lowcaly-button-block max-width--site-default\"><div class=\"button-container\"><div class=\"button-wrapper\"><div class=\"button-item\"><a class=\"btn btn-border btn-primary\" href=\"https:\/\/www.lowcaly.com\/sv\/cookiepolicy\/\">Cookiepolicy<\/a><\/div><div class=\"button-item\"><a class=\"btn btn-border btn-primary\" href=\"https:\/\/www.lowcaly.com\/sv\/tavlingsvillkor\/\">T\u00e4vlingsvillkor<\/a><\/div><\/div><\/div><\/div>\n\n\n\n<div class=\"wp-block-lowcaly-blocks-whitespace lowcaly-whitespace\" style=\"--desktop-height:4rem;--mobile-height:4rem;height:var(--desktop-height);display:block;width:100%\"><\/div>\n\n\n\n<div class=\"wp-block-lowcaly-blocks-headline lowcaly-headline max-width--site-default\"><h1 class=\"headline headline-text heading--large color-primary text-align--center\">INTEGRITETSPOLICY<\/h1><\/div>\n\n\n\n<div class=\"wp-block-lowcaly-blocks-whitespace lowcaly-whitespace\" style=\"--desktop-height:1rem;--mobile-height:1rem;height:var(--desktop-height);display:block;width:100%\"><\/div>\n\n\n\n<div class=\"wp-block-lowcaly-blocks-simple-content lowcaly-simple-content max-width--site-narrow\"><div class=\"simple-content-text content--medium color-primary text-align--left  \"><p>NJIE Foods AB, med organisationsnummer 556761-7518 (nedan kallat \u201dF\u00f6retaget\u201d och \u201dVi\u201d), \u00e4r personuppgiftsansvarig f\u00f6r behandlingen av Personuppgifter genom v\u00e5ra digitala kanaler, s\u00e5som denna webbplats men \u00e4ven webbplatserna Lowcaly.se och Propud.com. Den h\u00e4r Integritetsskyddspolicyn \u00e4r till f\u00f6r att du som anv\u00e4ndare ska k\u00e4nna dig trygg med att vi som personuppgiftsansvarig hanterar dina uppgifter i enlighet med till\u00e4mplig integritetslagstiftning.<\/p><\/div><\/div>\n\n\n\n<div class=\"wp-block-lowcaly-blocks-whitespace lowcaly-whitespace\" style=\"--desktop-height:2rem;--mobile-height:2rem;height:var(--desktop-height);display:block;width:100%\"><\/div>\n\n\n\n<div class=\"wp-block-lowcaly-blocks-simple-content lowcaly-simple-content max-width--site-narrow\"><h2 class=\"simple-content-headline heading--medium color-primary text-align--left\">INTRODUKTION<\/h2><div class=\"simple-content-text content--medium color-primary text-align--left  \"><p>T\u00e4nk p\u00e5 att n\u00e4r du accepterat v\u00e5r cookiepolicy, integritetspolicy samt andra villkor, best\u00e4mmelser och policyer som vi presenterar f\u00f6r dig i n\u00e5gon av de digitala kanalerna och\/eller n\u00e5gon av de produkter, erbjudanden, funktioner, verktyg, tj\u00e4nster eller resurser som vi anv\u00e4nder (nedan kallat \u201dTj\u00e4nsterna\u201d) kan du komma att godk\u00e4nna att vi behandlar Personuppgifter om dig. Behandlingen av personuppgifter beh\u00f6vs f\u00f6r att vi ska kunna tillhandah\u00e5lla Tj\u00e4nsterna till dig. Det finns inget krav p\u00e5 att du m\u00e5ste l\u00e4mna n\u00e5gra Personuppgifter f\u00f6r att bes\u00f6ka de digitala kanalerna\/Tj\u00e4nsterna, men om du inte l\u00e4mnar beh\u00f6vd information eller uttryckligt samtycke i de fall d\u00e4r s\u00e5 kr\u00e4vs \u00e4r det m\u00f6jligt att du inte kan ta del av Tj\u00e4nsterna eller bes\u00f6ka alla delar av de digitala kanalerna fullt ut.<br><\/p><p>Saknar du svar p\u00e5 n\u00e5gon fr\u00e5ga kan du h\u00f6ra av dig till oss. Information om hur du kontaktar oss finns under rubriken \u201dKontaktuppgifter\u201d nedan.<\/p><\/div><\/div>\n\n\n\n<div class=\"wp-block-lowcaly-blocks-whitespace lowcaly-whitespace\" style=\"--desktop-height:2rem;--mobile-height:2rem;height:var(--desktop-height);display:block;width:100%\"><\/div>\n\n\n\n<div class=\"wp-block-lowcaly-blocks-simple-content lowcaly-simple-content max-width--site-narrow\"><h2 class=\"simple-content-headline heading--medium color-primary text-align--left\">PERSONUPPGIFTER SOM BEHANDLAS<\/h2><div class=\"simple-content-text content--medium color-primary text-align--left  \"><p>Med Personuppgift avses all slags information som direkt eller indirekt kan h\u00e4nf\u00f6ras till en fysisk person som \u00e4r i livet.<\/p><p>Insamling och behandling av dina Personuppgifter sker enbart med ditt samtycke eller p\u00e5 grundval av befintligt avtal eller r\u00e4ttslig f\u00f6rpliktelse, till exempel n\u00e4r vi m\u00e5ste spara uppgifterna enligt r\u00e5dande lagstiftning alternativt i de fall d\u00e5 vi beh\u00f6ver dessa uppgifter f\u00f6r att kunna fullf\u00f6lja leverans av Tj\u00e4nsterna. Undantag g\u00f6rs f\u00f6r s\u00e5dana fall d\u00e4r ett f\u00f6reg\u00e5ende samtycke inte \u00e4r m\u00f6jligt av praktiska eller tekniska sk\u00e4l samt att behandlingen av uppgifterna \u00e4r till\u00e5ten med laglig grund.<\/p><p>I vissa situationer beh\u00f6ver vi samla in personuppgifter f\u00f6r att Tj\u00e4nsten skall vara m\u00f6jlig att tillhandah\u00e5lla. S\u00e5dana situationer kan till exempel vara n\u00e4r vi arrangerar t\u00e4vlingar och vi beh\u00f6ver kunna komma i kontakt med eventuell vinnare. Dessa uppgifter skulle kunna vara, men begr\u00e4nsas inte till, Namn, E-postadress, Telefonnummer, Adress, Svar och\/eller bidrag till en t\u00e4vling, Anv\u00e4ndarnamn eller alias p\u00e5 sociala medier eller media som skickas in i relation till en t\u00e4vling.<\/p><p>Personuppgifter av den mer tekniska aspekten som behandlas kan vara, IP-adress, Typ av enhet, Datum och tid f\u00f6r bes\u00f6k, interaktion med annonser, anv\u00e4ndarbeteende p\u00e5 webbplatser eller annan data som verktyg vi anv\u00e4nder samlar in.<\/p><p>R\u00e4ttslig grund g\u00e4ller f\u00f6r all behandling av personuppgifter. Vi h\u00e4nvisar <a href=\"https:\/\/www.imy.se\/verksamhet\/dataskydd\/det-har-galler-enligt-gdpr\/introduktion-till-gdpr\/dataskyddsforordningen-i-fulltext\/#A6\" title=\"\">h\u00e4r<\/a> till artikel 6 i GDPR som utg\u00f6r r\u00e4ttslig grund.<\/p><\/div><\/div>\n\n\n\n<div class=\"wp-block-lowcaly-blocks-whitespace lowcaly-whitespace\" style=\"--desktop-height:2rem;--mobile-height:2rem;height:var(--desktop-height);display:block;width:100%\"><\/div>\n\n\n\n<div class=\"wp-block-lowcaly-blocks-simple-content lowcaly-simple-content max-width--site-narrow\"><h2 class=\"simple-content-headline heading--medium color-primary text-align--left\">KUNDUPPGIFTER<\/h2><div class=\"simple-content-text content--medium color-primary text-align--left  \"><p>F\u00f6r att vi ska kunna hantera dina best\u00e4llningar och k\u00f6p beh\u00f6ver vi uppgifter om namn, adress, telefonnummer, e-post, personnummer (i vissa fall), betalningsinformation och betalningsalternativ samt \u00f6vrig information om din best\u00e4llning s\u00e5som produkt, leveransadress och ordernummer. Dessa uppgifter sparar vi i 36 m\u00e5nader fr\u00e5n det att leverans och betalning har skett f\u00f6r att kunna bist\u00e5 dig vid reklamationer eller andra garanti\u00e4renden. R\u00e4ttslig grund f\u00f6r behandlingen \u00e4r i detta fall v\u00e5rt avtalsf\u00f6rh\u00e5llande med dig enligt v\u00e5ra Allm\u00e4nna Anv\u00e4ndarvillkor.<\/p><p>Vi beh\u00f6ver \u00e4ven spara information om dig i form av namn, adress, betalningsinformation och betalningshistorik samt \u00f6vrig information om din best\u00e4llning i upp till 7 \u00e5r + innevarande \u00e5r med h\u00e4nsyn till bokf\u00f6ringslagen. Denna typ av information \u00e4r begr\u00e4nsad till v\u00e5r ekonomiavdelning och r\u00e4ttslig grund f\u00f6r behandlingen \u00e4r i detta fall en v\u00e5r lagstadgade f\u00f6rpliktelse.<\/p><p>Vid kontakt med kundtj\u00e4nst beh\u00f6ver vi oftast information av dig i form av namn, telefonnummer, e-post, personnummer, betalningsinformation och betalningshistorik, information om din best\u00e4llning samt \u00f6vrig information som du l\u00e4mnar till oss i din kommunikation kring ditt \u00e4rende. Den h\u00e4r typen av information sparar vi i 14 m\u00e5nader fr\u00e5n det att ditt \u00e4rende hos oss \u00e4r avslutat. R\u00e4ttslig grund f\u00f6r behandlingen \u00e4r i detta fall samtycke fr\u00e5n din sida och en intresseavv\u00e4gning fr\u00e5n v\u00e5r sida, d\u00e5 behandlingen \u00e4r n\u00f6dv\u00e4ndig f\u00f6r det aktuella \u00e4ndam\u00e5let.<\/p><p>F\u00f6r att vi ska kunna maximera din anv\u00e4ndarupplevelse p\u00e5 v\u00e5r site samt ge dig b\u00e4sta m\u00f6jliga produktrekommendationer behandlar vi information om IP-adress samt annan data som samlas in av cookies och liknande, exempelvis vilka produkter du klickat p\u00e5, favoriter samt shoppinghistorik. Denna information godk\u00e4nner du genom att ge samtycke till cookies n\u00e4r du f\u00f6rst bes\u00f6ker v\u00e5r site. Du kan n\u00e4r som helst rensa din cookiedata men det kan komma att p\u00e5verka din upplevelse av siten och vissa funktioner kan f\u00f6rs\u00e4mras i det fall du g\u00f6r det. R\u00e4ttslig grund f\u00f6r behandlingen \u00e4r \u00e4ven i detta fall samtycke fr\u00e5n din sida och en intresseavv\u00e4gning fr\u00e5n v\u00e5r sida, d\u00e5 behandlingen \u00e4r n\u00f6dv\u00e4ndig f\u00f6r det aktuella \u00e4ndam\u00e5let.<\/p><p>Du kan l\u00e4sa mer om insamling, delning och anv\u00e4ndning av data samt hur du begr\u00e4nsar insamlingen i andra kanaler genom att klicka p\u00e5 f\u00f6ljande l\u00e4nkar:<\/p><\/div><\/div>\n\n\n\n<div class=\"wp-block-lowcaly-blocks-whitespace lowcaly-whitespace\" style=\"--desktop-height:1rem;--mobile-height:1rem;height:var(--desktop-height);display:block;width:100%\"><\/div>\n\n\n\n<div class=\"wp-block-lowcaly-blocks-simple-content lowcaly-simple-content max-width--site-narrow\"><ul class=\"simple-content-text content--medium color-primary text-align--left content--list list--unordered list--dot list--padded list--spacing-default\"><li><a href=\"https:\/\/support.google.com\/adspolicy\/answer\/6020956\" data-type=\"link\" data-id=\"https:\/\/support.google.com\/adspolicy\/answer\/6020956\" target=\"_blank\" rel=\"noreferrer noopener\">Google<\/a><\/li><li><a href=\"https:\/\/www.facebook.com\/privacy\/policy\/\" data-type=\"link\" data-id=\"https:\/\/www.facebook.com\/privacy\/policy\/\" rel=\"nofollow\">Facebook<\/a><\/li><\/ul><\/div>\n\n\n\n<div class=\"wp-block-lowcaly-blocks-whitespace lowcaly-whitespace\" style=\"--desktop-height:2rem;--mobile-height:2rem;height:var(--desktop-height);display:block;width:100%\"><\/div>\n\n\n\n<div class=\"wp-block-lowcaly-blocks-simple-content lowcaly-simple-content max-width--site-narrow\"><div class=\"simple-content-text content--medium color-primary text-align--left  \"><p>N\u00e4r du registrerar dig f\u00f6r v\u00e5rt nyhetsbrev kommer vi att h\u00e4mta in ditt samtycke till att behandla personuppgifter som kan vara men begr\u00e4nsas ej till, namn, adress, telefonnummer, e-post samt \u00f6vrig information du aktivt v\u00e4ljer att dela med dig av till exempel k\u00f6n, \u00e5lder, produktpreferenser osv. Om du v\u00e4ljer att avregistrera dig fr\u00e5n v\u00e5rt nyhetsbrev genom en s\u00e5 kallad \u201dopt-out\u201d, avbryter vi omg\u00e5ende v\u00e5ra utskick av nyhetsbrev till dig. Vi kan komma att spara din information i upp till 3 m\u00e5nader efter din avregistrering. R\u00e4ttslig grund f\u00f6r behandlingen \u00e4r ocks\u00e5 i detta fall samtycke fr\u00e5n din sida och en intresseavv\u00e4gning fr\u00e5n v\u00e5r sida, d\u00e5 behandlingen \u00e4r n\u00f6dv\u00e4ndig f\u00f6r det aktuella \u00e4ndam\u00e5let.<\/p><p>F\u00f6r att f\u00f6rhindra missbruk av v\u00e5ra tj\u00e4nster eller f\u00f6rhindra\/f\u00f6rebygga brott hanterar vi uppgifter om namn, adress, telefonnummer, e-post, betalningsinformation (exempelvis upprepade felaktiga kortnummerinmatningar) uppgifter om returer eller leveranser, IP-nummer, kundnoteringar och kundtj\u00e4nsthistorik. Vi sparar den h\u00e4r typen av uppgifter i 36 m\u00e5n efter att vi avslutat \u00e4rendet. R\u00e4ttslig grund f\u00f6r behandlingen \u00e4r i detta fall en s.k. intresseavv\u00e4gning.<\/p><p>F\u00f6r att kunna f\u00f6rb\u00e4ttra v\u00e5ra tj\u00e4nster, produkter och system samt analysera data behandlar vi uppgifter om dig kring k\u00f6p- och anv\u00e4ndarbeteende (exempelvis klick- och bes\u00f6kshistorik), tekniska data kring inst\u00e4llningar p\u00e5 olika enheter s\u00e5som spr\u00e5k, plattform, operativsystem och IP-adress, information om hur du integrerar med oss exempelvis hur du loggar in, var du bes\u00f6ker sidan, n\u00e4r du l\u00e4mnar sidan, hur du r\u00f6r dig p\u00e5 siten etc. Detta g\u00f6r vi genom analys p\u00e5 aggregerad niv\u00e5, dvs att analysen \u00e4r generell och inte p\u00e5 individniv\u00e5. Vi sparar s\u00e5dan data som underlag till analysen klartext i ett \u00e5r fr\u00e5n din senaste aktivitet, och sedan pseudonymiserar vi informationen, vilket inneb\u00e4r att det inte g\u00e5r att se vem som uppgifterna tillh\u00f6r. R\u00e4ttslig grund f\u00f6r behandlingen \u00e4r \u00e4ven i detta fall en s.k. intresseavv\u00e4gning.<\/p><p>Om du skulle \u00e5terv\u00e4nda inom tv\u00e5 \u00e5r ifr\u00e5n det att vi pseudonymiserat dina uppgifter, kopplar vi ihop dina uppgifter med ditt tidigare bes\u00f6k p\u00e5 v\u00e5r sajt och kan p\u00e5 s\u00e5 s\u00e4tt se att du \u00e4r en \u00e5terkommande kund, och b\u00e4ttre f\u00f6rst\u00e5 hur \u00e5terkommande kunder generellt anv\u00e4nder v\u00e5r sajt. Om det d\u00e4remot har g\u00e5tt mer \u00e4n tv\u00e5 \u00e5r sedan vi pseudonymiserade dina uppgifter, kan vi inte l\u00e4ngre koppla ihop uppgifterna, och din historik \u00e4r tom. Skulle du h\u00f6ra av dig till oss och vilja nyttja din r\u00e4tt att bli raderad kommer vi sj\u00e4lvklart heller inte att kunna \u00e5terkoppla n\u00e5gon information om dig.<\/p><\/div><\/div>\n\n\n\n<div class=\"wp-block-lowcaly-blocks-whitespace lowcaly-whitespace\" style=\"--desktop-height:2rem;--mobile-height:2rem;height:var(--desktop-height);display:block;width:100%\"><\/div>\n\n\n\n<div class=\"wp-block-lowcaly-blocks-simple-content lowcaly-simple-content max-width--site-narrow\"><h2 class=\"simple-content-headline heading--medium color-primary text-align--left\">K\u00c4NSLIGA PERSONUPPGIFTER BEHANDLAS INTE<\/h2><div class=\"simple-content-text content--medium color-primary text-align--left  \"><p>K\u00e4nsliga personuppgifter \u00e4r s\u00e5dana uppgifter som avsl\u00f6jar ras eller etniskt ursprung, politiska \u00e5sikter, religi\u00f6s eller filosofisk \u00f6vertygelse eller medlemskap i fackf\u00f6rening samt personuppgifter som r\u00f6r h\u00e4lsa eller sexualliv. Uppgifter om h\u00e4lsa kan vara till exempel sjukfr\u00e5nvaro, graviditet och l\u00e4karbes\u00f6k. Vi behandlar inte n\u00e5gra k\u00e4nsliga Personuppgifter inom ramen f\u00f6r Tj\u00e4nsterna.<\/p><\/div><\/div>\n\n\n\n<div class=\"wp-block-lowcaly-blocks-whitespace lowcaly-whitespace\" style=\"--desktop-height:2rem;--mobile-height:2rem;height:var(--desktop-height);display:block;width:100%\"><\/div>\n\n\n\n<div class=\"wp-block-lowcaly-blocks-simple-content lowcaly-simple-content max-width--site-narrow\"><h2 class=\"simple-content-headline heading--medium color-primary text-align--left\">VAD ANV\u00c4NDER VI PERSONUPPGIFTER TILL?<\/h2><div class=\"simple-content-text content--medium color-primary text-align--left  \"><p>F\u00f6retaget anv\u00e4nder de insamlade personuppgifterna f\u00f6r att behandla konsument\u00e4renden i form av reklamationer, kommunikation, administration av t\u00e4vlingar samt \u00f6vriga kontakt\u00e4ndam\u00e5l vid anv\u00e4ndandet av kontaktformul\u00e4ret p\u00e5 hemsidan s\u00e5v\u00e4l som e-post och kontakt via sociala medier. Utan ditt tillst\u00e5nd kommer vi inte att l\u00e4mna ut dina Personuppgifter till annan p\u00e5 annat s\u00e4tt \u00e4n vad som f\u00f6ljer av denna Integritetsskyddspolicy, s\u00e5vida inte skyldighet f\u00f6ljer f\u00f6r oss att g\u00f6ra det enligt vid var tid g\u00e4llande r\u00e4ttsregler samt f\u00f6r att kunna slutf\u00f6ra tj\u00e4nster s\u00e5som till exempel \u00f6vers\u00e4ndande av vinst vid t\u00e4vling.<\/p><\/div><\/div>\n\n\n\n<div class=\"wp-block-lowcaly-blocks-whitespace lowcaly-whitespace\" style=\"--desktop-height:2rem;--mobile-height:2rem;height:var(--desktop-height);display:block;width:100%\"><\/div>\n\n\n\n<div class=\"wp-block-lowcaly-blocks-simple-content lowcaly-simple-content max-width--site-narrow\"><h2 class=\"simple-content-headline heading--medium color-primary text-align--left\">INFORMATION TILL ANNAN<\/h2><div class=\"simple-content-text content--medium color-primary text-align--left  \"><p>Ut\u00f6ver vad som anges i denna Integritetsskyddspolicy kan det i vissa fall uppst\u00e5 situationer d\u00e4r vi beh\u00f6ver dela de Personuppgifter du tillhandah\u00e5llit med en tredje part. Detta f\u00f6r att vi ska kunna fullf\u00f6lja v\u00e5rt \u00e5tagande med att leverera Tj\u00e4nsten till dig. Med tredje part avses inte en individ eller juridisk person som direkt eller indirekt kontrollerar, kontrolleras eller p\u00e5 annat s\u00e4tt st\u00e5r under samma kontroll som angiven personuppgiftsansvarig (nedan \u201dKoncernbolag\u201d). Relevant Koncernbolag som f\u00e5r del av Personuppgifterna kommer att vid var tid behandla dessa uppgifter i enlighet med vad som anges i denna Integritetsskyddspolicy och vid var tid g\u00e4llande r\u00e4ttsregler.<\/p><p>Vi kommer inte att s\u00e4lja dina Personuppgifter till tredje part (exkluderande Koncernbolag) i n\u00e5got h\u00e4nseende.<\/p><p>Vi kan dock komma att anlita underleverant\u00f6rer f\u00f6r tj\u00e4nster i anslutning till v\u00e5ra digitala kanaler eller Tj\u00e4nsterna (personuppgiftsbitr\u00e4den). Dessa leverant\u00f6rer kan komma att hantera Personuppgifter och kan beh\u00f6va viss tillg\u00e5ng till Personuppgifter som \u00e4r insamlade via dessa kanaler eller Tj\u00e4nsterna, till exempel molntj\u00e4nstleverant\u00f6rer hos vilka Personuppgifter kan komma att lagras. Vi kommer alltid att begr\u00e4nsa s\u00e5dana leverant\u00f6rers tillg\u00e5ng till de Personuppgifter som beh\u00f6vs f\u00f6r att vi ska kunna erbjuda dig tillg\u00e5ng till v\u00e5ra digitala kanaler eller Tj\u00e4nsterna. Vi kommer \u00e4ven kr\u00e4va av dessa leverant\u00f6rer att de (i) skyddar dina Personuppgifter i enlighet med denna Integritetsskyddspolicy och (ii) inte anv\u00e4nder eller avsl\u00f6jar dina Personuppgifter i n\u00e5got annat syfte \u00e4n att tillhandah\u00e5lla oss avtalade produkter eller tj\u00e4nster, i syfte att vi i v\u00e5r tur ska kunna erbjuda dig tillg\u00e5ng till v\u00e5ra digitala kanaler eller Tj\u00e4nsterna.<\/p><\/div><\/div>\n\n\n\n<div class=\"wp-block-lowcaly-blocks-whitespace lowcaly-whitespace\" style=\"--desktop-height:2rem;--mobile-height:2rem;height:var(--desktop-height);display:block;width:100%\"><\/div>\n\n\n\n<div class=\"wp-block-lowcaly-blocks-simple-content lowcaly-simple-content max-width--site-narrow\"><h2 class=\"simple-content-headline heading--medium color-primary text-align--left\">\u00d6VERF\u00d6RINGAR TILL TREDJE LAND<\/h2><div class=\"simple-content-text content--medium color-primary text-align--left  \"><p>F\u00f6r att vi ska kunna tillhandah\u00e5lla v\u00e5ra Tj\u00e4nster kan det i vissa fall vara direkt eller indirekt n\u00f6dv\u00e4ndigt f\u00f6r oss att f\u00f6ra \u00f6ver Personuppgifter till tredje land (dvs. ett land utanf\u00f6r EU\/EES). Till exempel i de fall vi skickar ut nyhetsbrev fr\u00e5n en global leverant\u00f6r vars tj\u00e4nst finns p\u00e5 servrar utanf\u00f6r EU\/EES.<\/p><\/div><\/div>\n\n\n\n<div class=\"wp-block-lowcaly-blocks-whitespace lowcaly-whitespace\" style=\"--desktop-height:2rem;--mobile-height:2rem;height:var(--desktop-height);display:block;width:100%\"><\/div>\n\n\n\n<div class=\"wp-block-lowcaly-blocks-simple-content lowcaly-simple-content max-width--site-narrow\"><h2 class=\"simple-content-headline heading--medium color-primary text-align--left\">SAMTYCKE<\/h2><div class=\"simple-content-text content--medium color-primary text-align--left  \"><p>N\u00e4r du godk\u00e4nner den h\u00e4r Integritetsskyddspolicyn godk\u00e4nner du att vi anv\u00e4nder och behandlar dina Personuppgifter i enlighet med vad som beskrivs i denna policy. Vi rekommenderar \u00e4ven att du l\u00e4ser igenom v\u00e5r Tracking technology notice innan du godk\u00e4nner hur vi anv\u00e4nder cookies och annan liknande teknik p\u00e5 v\u00e5ra webbplatser.<\/p><p>Om du inte accepterar vad som s\u00e4gs i denna Integritetsskyddspolicy ber vi dig v\u00e4nligen att inte anv\u00e4nda de digitala kanalerna eller Tj\u00e4nsterna.<\/p><p>Du kan n\u00e4rsomhelst \u00e5terkalla ditt l\u00e4mnade samtycke utan att detta p\u00e5verkar lagligheten av behandlingen som skedde p\u00e5 grundval av ditt samtycke innan det \u00e5terkallades.<\/p><\/div><\/div>\n\n\n\n<div class=\"wp-block-lowcaly-blocks-whitespace lowcaly-whitespace\" style=\"--desktop-height:2rem;--mobile-height:2rem;height:var(--desktop-height);display:block;width:100%\"><\/div>\n\n\n\n<div class=\"wp-block-lowcaly-blocks-simple-content lowcaly-simple-content max-width--site-narrow\"><h2 class=\"simple-content-headline heading--medium color-primary text-align--left\">\u00c4NDRINGAR I INTEGRITETSSKYDDSPOLICYN<\/h2><div class=\"simple-content-text content--medium color-primary text-align--left  \"><p>Vi f\u00f6rbeh\u00e5ller oss r\u00e4tten att g\u00f6ra \u00e4ndringar i denna integritetspolicy n\u00e4rsomhelst och utan f\u00f6rvarning. I de fall det \u00e4r m\u00f6jligt kommer vi meddela ber\u00f6rda parter omg\u00e5ende. Vi rekommendera v\u00e5ra bes\u00f6kare att l\u00e4sa igenom denna integritetspolicy med j\u00e4mna mellanrum. Korrigeringar av denna policy sker fr\u00e4mst i de situationer d\u00e4r en ny lag tagits i bruk, men \u00e4ven i de fall att nya \u00f6verenskommelser tagits fram kring individers integritet i digitala medier eller om vi anser det motiverat att \u00e4ndra denna av \u00f6vriga sk\u00e4l.<\/p><\/div><\/div>\n\n\n\n<div class=\"wp-block-lowcaly-blocks-whitespace lowcaly-whitespace\" style=\"--desktop-height:2rem;--mobile-height:2rem;height:var(--desktop-height);display:block;width:100%\"><\/div>\n\n\n\n<div class=\"wp-block-lowcaly-blocks-simple-content lowcaly-simple-content max-width--site-narrow\"><h2 class=\"simple-content-headline heading--medium color-primary text-align--left\">RADERING AV UPPGIFTER<\/h2><div class=\"simple-content-text content--medium color-primary text-align--left  \"><p>Dina Personuppgifter kommer inte att bevaras under l\u00e4ngre tid \u00e4n vad som \u00e4r n\u00f6dv\u00e4ndigt med h\u00e4nsyn till \u00e4ndam\u00e5len med behandlingen och vi kommer i \u00f6vrigt att radera Personuppgifter p\u00e5 s\u00e4tt som f\u00f6ljer av vid var tid g\u00e4llande r\u00e4ttsregler.<\/p><\/div><\/div>\n\n\n\n<div class=\"wp-block-lowcaly-blocks-whitespace lowcaly-whitespace\" style=\"--desktop-height:2rem;--mobile-height:2rem;height:var(--desktop-height);display:block;width:100%\"><\/div>\n\n\n\n<div class=\"wp-block-lowcaly-blocks-simple-content lowcaly-simple-content max-width--site-narrow\"><h2 class=\"simple-content-headline heading--medium color-primary text-align--left\">R\u00c4TT ATT BEG\u00c4RA INFORMATION<\/h2><div class=\"simple-content-text content--medium color-primary text-align--left  \"><p>Du har r\u00e4tt att kostnadsfritt beg\u00e4ra information om vilka (om n\u00e5gra) Personuppgifter vi behandlar om dig (ett s\u00e5 kallat registerutdrag) och dessutom f\u00e5 eventuellt felaktiga uppgifter r\u00e4ttade. Vill du veta om vi behandlar Personuppgifter om dig kan du skicka en skriftlig och undertecknad beg\u00e4ran till oss (se kontaktuppgifter nedan).<\/p><p>N\u00e4r du skickar din beg\u00e4ran, beh\u00f6ver du ange specifikt vilka uppgifter du \u00e4r intresserad av (s\u00e5vida du inte \u00e4r intresserad av alla), t.ex avtalshandlingar, kundservicekorrespondens eller liknande. P\u00e5 s\u00e5 s\u00e4tt kan vi ge dig den information som \u00e4r relevant f\u00f6r dig. F\u00f6r det fall du skickar beg\u00e4ran flera g\u00e5nger om registerutdrag, kan vi komma att ta ut en avgift eller i vissa enligt lagstadgade fall v\u00e4gra att tillm\u00f6tesg\u00e5 din beg\u00e4ran.<\/p><p>Registerutdraget kommer att skickas till dig inom 30 dagar fr\u00e5n det att vi tog emot beg\u00e4ran. Om utdraget \u00e4r omfattande s\u00e5 att vi beh\u00f6ver mer tid eller om vi av n\u00e5gon anledning inte kan genomf\u00f6ra din beg\u00e4ran, meddelar vi dig detta.<\/p><\/div><\/div>\n\n\n\n<div class=\"wp-block-lowcaly-blocks-whitespace lowcaly-whitespace\" style=\"--desktop-height:2rem;--mobile-height:2rem;height:var(--desktop-height);display:block;width:100%\"><\/div>\n\n\n\n<div class=\"wp-block-lowcaly-blocks-simple-content lowcaly-simple-content max-width--site-narrow\"><h2 class=\"simple-content-headline heading--medium color-primary text-align--left\">R\u00c4TT TILL R\u00c4TTELSE<\/h2><div class=\"simple-content-text content--medium color-primary text-align--left  \"><p>F\u00f6r att uppfylla v\u00e5ra skyldigheter om att alltid ha korrekta och relevanta Personuppgifter, arbetar vi systematiskt med v\u00e5ra register och uppdaterar d\u00e4r n\u00f6dv\u00e4ndigt Personuppgifter. Om du uppm\u00e4rksammar att de uppgifter vi har om dig \u00e4r felaktiga eller om vi saknar viktig information, har du r\u00e4tt att f\u00e5 dina uppgifter r\u00e4ttade. Enkla uppgifter r\u00e4ttar vi normalt utan \u00f6verv\u00e4gande men i andra fall kan vi beh\u00f6va \u00f6verv\u00e4ga din beg\u00e4ran. Vi kommer inte godk\u00e4nna din beg\u00e4ran om det \u00e4r om\u00f6jligt eller kr\u00e4ver en stor arbetsinsats. Om du beg\u00e4r det, informerar vi \u00e4ven dig om vem eller vilka r\u00e4ttelsen har l\u00e4mnats ut till.<\/p><p>F\u00f6r det fall dina Personuppgifter \u00e4ndras p\u00e5 din beg\u00e4ran, kommer vi att informera eventuella leverant\u00f6rer och samarbetspartners som vi l\u00e4mnat ut uppgifterna till om de uppdaterade uppgifterna.<\/p><\/div><\/div>\n\n\n\n<div class=\"wp-block-lowcaly-blocks-whitespace lowcaly-whitespace\" style=\"--desktop-height:2rem;--mobile-height:2rem;height:var(--desktop-height);display:block;width:100%\"><\/div>\n\n\n\n<div class=\"wp-block-lowcaly-blocks-simple-content lowcaly-simple-content max-width--site-narrow\"><h2 class=\"simple-content-headline heading--medium color-primary text-align--left\">R\u00c4TTEN ATT BLI BORTGL\u00d6MD<\/h2><div class=\"simple-content-text content--medium color-primary text-align--left  \"><p>Vi sparar dina Personuppgifter s\u00e5 l\u00e4nge som du \u00e4r kund hos oss eller s\u00e5 l\u00e4nge som vi annars beh\u00f6ver spara dem f\u00f6r att kunna uppfylla v\u00e5ra skyldigheter mot dig, eller annars enligt g\u00e4llande r\u00e4tt. D\u00e4refter raderas uppgifterna.<\/p><p><strong>Du har r\u00e4tt att beg\u00e4ra att vi raderar dina Personuppgifter om:<\/strong><\/p><\/div><\/div>\n\n\n\n<div class=\"wp-block-lowcaly-blocks-whitespace lowcaly-whitespace\" style=\"--desktop-height:1rem;--mobile-height:1rem;height:var(--desktop-height);display:block;width:100%\"><\/div>\n\n\n\n<div class=\"wp-block-lowcaly-blocks-simple-content lowcaly-simple-content max-width--site-narrow\"><ul class=\"simple-content-text content--medium color-primary text-align--left content--list list--unordered list--dot list--padded list--spacing-default\"><li>de inte l\u00e4ngre beh\u00f6vs f\u00f6r de \u00e4ndam\u00e5l som de har samlats in f\u00f6r och som vi behandlar dem f\u00f6r;<\/li><li>vi behandlar Personuppgifter med st\u00f6d av ditt samtycke och du \u00e5terkallar detta;<\/li><li>vi behandlar Personuppgifter f\u00f6r direktmarknadsf\u00f6ring och du mots\u00e4tter dig att Personuppgifterna forts\u00e4tter att behandlas f\u00f6r detta \u00e4ndam\u00e5l;<\/li><li>vi behandlar Personuppgifter utifr\u00e5n en intresseavv\u00e4gning och det inte finns ber\u00e4ttigande sk\u00e4l som v\u00e4ger tyngre \u00e4n ditt intresse;<\/li><li>vi inte behandlar Personuppgifter i enlighet med g\u00e4llande regler;<\/li><li>det kr\u00e4vs att Personuppgifter raderas f\u00f6r att kunna uppfylla en r\u00e4ttslig skyldighet.<\/li><\/ul><\/div>\n\n\n\n<div class=\"wp-block-lowcaly-blocks-simple-content lowcaly-simple-content max-width--site-narrow\"><div class=\"simple-content-text content--medium color-primary text-align--left  \"><p>Vi har dock r\u00e4tt att l\u00e5ta bli att radera dina Personuppgifter om vi beh\u00f6ver ha kvar dessa f\u00f6r att fullg\u00f6ra en r\u00e4ttslig skyldighet eller annan skyldighet mot dig.<\/p><p>N\u00e4r vi f\u00e5r din beg\u00e4ran, kommer vi att g\u00f6ra en bed\u00f6mning om det finns sk\u00e4l att radera dina personuppgifter. Du kommer d\u00e4refter meddelas v\u00e5r bed\u00f6mning. F\u00f6r det fall vi raderar dina uppgifter p\u00e5 din beg\u00e4ran, kommer vi informera eventuella leverant\u00f6rer och samarbetspartners som vi l\u00e4mnat ut uppgifterna till om att uppgifterna har raderats. Vi g\u00f6r dock inte detta om det \u00e4r om\u00f6jligt eller kr\u00e4ver en stor arbetsinsats.<\/p><\/div><\/div>\n\n\n\n<div class=\"wp-block-lowcaly-blocks-whitespace lowcaly-whitespace\" style=\"--desktop-height:2rem;--mobile-height:2rem;height:var(--desktop-height);display:block;width:100%\"><\/div>\n\n\n\n<div class=\"wp-block-lowcaly-blocks-simple-content lowcaly-simple-content max-width--site-narrow\"><h2 class=\"simple-content-headline heading--medium color-primary text-align--left\">R\u00c4TT TILL INV\u00c4NDNING<\/h2><div class=\"simple-content-text content--medium color-primary text-align--left  \"><p>Du har r\u00e4tt att inv\u00e4nda mot v\u00e5r behandling av dina Personuppgifter som vi g\u00f6r med st\u00f6d av s.k. intresseavv\u00e4gning enligt lag. I s\u00e5 fall beh\u00f6ver du skriftligen specificera vilken behandling du inv\u00e4nder mot. Vid s\u00e5dan inv\u00e4ndning f\u00e5r vi endast forts\u00e4tta utf\u00f6ra behandlingen om vi kan visa att det finns tvingande ber\u00e4ttigande sk\u00e4l till att personuppgifterna m\u00e5ste behandlas som v\u00e4ger tyngre \u00e4n dina intressen.<\/p><p>Om dina Personuppgifter behandlas f\u00f6r direkt marknadsf\u00f6ring har du dock alltid r\u00e4tt att n\u00e4r som helst inv\u00e4nda mot behandlingen.<\/p><\/div><\/div>\n\n\n\n<div class=\"wp-block-lowcaly-blocks-whitespace lowcaly-whitespace\" style=\"--desktop-height:2rem;--mobile-height:2rem;height:var(--desktop-height);display:block;width:100%\"><\/div>\n\n\n\n<div class=\"wp-block-lowcaly-blocks-simple-content lowcaly-simple-content max-width--site-narrow\"><h2 class=\"simple-content-headline heading--medium color-primary text-align--left\">R\u00c4TT TILL BEGR\u00c4NSNING AV BEHANDLING<\/h2><div class=\"simple-content-text content--medium color-primary text-align--left  \"><p><strong><strong>Du har r\u00e4tt att i dessa fall beg\u00e4ra att den behandling av dina Personuppgifter vi g\u00f6r ska begr\u00e4nsas:<\/strong><\/strong><\/p><\/div><\/div>\n\n\n\n<div class=\"wp-block-lowcaly-blocks-whitespace lowcaly-whitespace\" style=\"--desktop-height:1rem;--mobile-height:1rem;height:var(--desktop-height);display:block;width:100%\"><\/div>\n\n\n\n<div class=\"wp-block-lowcaly-blocks-simple-content lowcaly-simple-content max-width--site-narrow\"><ul class=\"simple-content-text content--medium color-primary text-align--left content--list list--unordered list--dot list--padded list--spacing-default\"><li>N\u00e4r du har bestridit Personuppgifternas korrekthet, under den tid som ger den oss m\u00f6jlighet att kontrollera om Personuppgifterna \u00e4r korrekta;<\/li><li>N\u00e4r behandlingen \u00e4r olaglig och du mots\u00e4tter dig att Personuppgifterna raderas och i st\u00e4llet beg\u00e4r en begr\u00e4nsning av deras anv\u00e4ndning;<\/li><li>N\u00e4r vi inte l\u00e4ngre beh\u00f6ver Personuppgifterna f\u00f6r \u00e4ndam\u00e5len med behandlingen men du beh\u00f6ver dem f\u00f6r att kunna fastst\u00e4lla, g\u00f6ra g\u00e4llande eller f\u00f6rsvara r\u00e4ttsliga anspr\u00e5k;<\/li><li>N\u00e4r du har inv\u00e4nt mot behandling i v\u00e4ntan p\u00e5 kontroll av huruvida v\u00e5ra ber\u00e4ttigade sk\u00e4l v\u00e4ger tyngre \u00e4n dina ber\u00e4ttigade sk\u00e4l.<\/li><\/ul><\/div>\n\n\n\n<div class=\"wp-block-lowcaly-blocks-simple-content lowcaly-simple-content max-width--site-narrow\"><div class=\"simple-content-text content--medium color-primary text-align--left  \"><p>Begr\u00e4nsning inneb\u00e4r att Personuppgifterna kommer markeras s\u00e5 att dessa i framtiden endast f\u00e5r behandlas f\u00f6r vissa avgr\u00e4nsade syften.<\/p><\/div><\/div>\n\n\n\n<div class=\"wp-block-lowcaly-blocks-whitespace lowcaly-whitespace\" style=\"--desktop-height:2rem;--mobile-height:2rem;height:var(--desktop-height);display:block;width:100%\"><\/div>\n\n\n\n<div class=\"wp-block-lowcaly-blocks-simple-content lowcaly-simple-content max-width--site-narrow\"><h2 class=\"simple-content-headline heading--medium color-primary text-align--left\">R\u00c4TTEN TILL DATAPORTABILITET<\/h2><div class=\"simple-content-text content--medium color-primary text-align--left  \"><p>Om du har l\u00e4mnat dina Personuppgifter till oss, har du i vissa fall r\u00e4tt att f\u00e5 ut och ta med dig dina Personuppgifter f\u00f6r att t.ex. flytta dem till ett annat bolag.<\/p><p>F\u00f6r att du ska kunna nyttja din r\u00e4tt till dataportabilitet m\u00e5ste din beg\u00e4ran avse s\u00e5dana Personuppgifter som du sj\u00e4lv har l\u00e4mnat till oss och som vi behandlar med st\u00f6d av ett samtycke fr\u00e5n dig eller f\u00f6r att uppfylla ett avtal vi har med dig. R\u00e4tten till dataportabilitet g\u00e4ller inte n\u00e4r v\u00e5r behandling av dina personuppgifter grundar sig p\u00e5 en intresseavv\u00e4gning eller en r\u00e4ttslig skyldighet.<\/p><\/div><\/div>\n\n\n\n<div class=\"wp-block-lowcaly-blocks-whitespace lowcaly-whitespace\" style=\"--desktop-height:2rem;--mobile-height:2rem;height:var(--desktop-height);display:block;width:100%\"><\/div>\n\n\n\n<div class=\"wp-block-lowcaly-blocks-simple-content lowcaly-simple-content max-width--site-narrow\"><h2 class=\"simple-content-headline heading--medium color-primary text-align--left\">R\u00c4TTEN TILL KLAGOM\u00c5L<\/h2><div class=\"simple-content-text content--medium color-primary text-align--left  \"><p>F\u00f6r det fall du har klagom\u00e5l eller inv\u00e4ndningar i anledning av v\u00e5r hantering av dina Personuppgifter, ber vi dig att i f\u00f6rsta hand kontakta oss s\u00e5 att vi kan hj\u00e4lpa dig p\u00e5 b\u00e4sta s\u00e4tt. Du har dock alltid en r\u00e4tt att direkt rikta klagom\u00e5let till tillsynsmyndigheten f\u00f6r integritetsfr\u00e5gor, Integritetsskyddsmyndigheten.<\/p><\/div><\/div>\n\n\n\n<div class=\"wp-block-lowcaly-blocks-whitespace lowcaly-whitespace\" style=\"--desktop-height:2rem;--mobile-height:2rem;height:var(--desktop-height);display:block;width:100%\"><\/div>\n\n\n\n<div class=\"wp-block-lowcaly-blocks-simple-content lowcaly-simple-content max-width--site-narrow\"><h2 class=\"simple-content-headline heading--medium color-primary text-align--left\">S\u00c4KERHET<\/h2><div class=\"simple-content-text content--medium color-primary text-align--left  \"><p>Vi tar s\u00e4kerheten f\u00f6r dina personuppgifter p\u00e5 st\u00f6rsta allvar. D\u00e4rf\u00f6r har vi inf\u00f6rt tekniska och organisatoriska s\u00e4kerhets\u00e5tg\u00e4rder f\u00f6r att skydda dina uppgifter fr\u00e5n oavsiktlig, avsiktlig eller olaglig f\u00f6rst\u00f6relse, f\u00f6rlust, \u00e4ndring, obeh\u00f6rig spridning av eller tillg\u00e5ng till uppgifterna.<\/p><p>Trots v\u00e5ra anstr\u00e4ngningar att uppr\u00e4tth\u00e5lla en h\u00f6g s\u00e4kerhetsstandard, b\u00f6r det noteras att ingen \u00f6verf\u00f6ring av information via internet \u00e4r helt s\u00e4ker. Medan vi str\u00e4var efter att skydda dina personuppgifter, kan vi inte garantera s\u00e4kerheten f\u00f6r den information som \u00f6verf\u00f6rs till eller fr\u00e5n v\u00e5r webbplats. All \u00f6verf\u00f6ring sker p\u00e5 egen risk. N\u00e4r vi har mottagit din information kommer vi att anv\u00e4nda strikta f\u00f6rfaranden och s\u00e4kerhetsfunktioner f\u00f6r att f\u00f6rs\u00f6ka f\u00f6rhindra obeh\u00f6rig \u00e5tkomst.<\/p><p>Vi rekommenderar \u00e4ven att respektive individ tar sitt ansvar och vidtar \u00e5tg\u00e4rder f\u00f6r att skydda sina uppgifter i s\u00e5 stor utstr\u00e4ckning som m\u00f6jligt.<\/p><\/div><\/div>\n\n\n\n<div class=\"wp-block-lowcaly-blocks-whitespace lowcaly-whitespace\" style=\"--desktop-height:4rem;--mobile-height:4rem;height:var(--desktop-height);display:block;width:100%\"><\/div>\n","protected":false},"excerpt":{"rendered":"","protected":false},"author":1,"featured_media":0,"parent":0,"menu_order":0,"comment_status":"closed","ping_status":"closed","template":"","meta":{"_acf_changed":false,"footnotes":""},"class_list":["post-1604","page","type-page","status-publish","hentry"],"acf":[],"aioseo_notices":[],"_links":{"self":[{"href":"https:\/\/www.lowcaly.com\/sv\/wp-json\/wp\/v2\/pages\/1604","targetHints":{"allow":["GET"]}}],"collection":[{"href":"https:\/\/www.lowcaly.com\/sv\/wp-json\/wp\/v2\/pages"}],"about":[{"href":"https:\/\/www.lowcaly.com\/sv\/wp-json\/wp\/v2\/types\/page"}],"author":[{"embeddable":true,"href":"https:\/\/www.lowcaly.com\/sv\/wp-json\/wp\/v2\/users\/1"}],"replies":[{"embeddable":true,"href":"https:\/\/www.lowcaly.com\/sv\/wp-json\/wp\/v2\/comments?post=1604"}],"version-history":[{"count":0,"href":"https:\/\/www.lowcaly.com\/sv\/wp-json\/wp\/v2\/pages\/1604\/revisions"}],"wp:attachment":[{"href":"https:\/\/www.lowcaly.com\/sv\/wp-json\/wp\/v2\/media?parent=1604"}],"curies":[{"name":"wp","href":"https:\/\/api.w.org\/{rel}","templated":true}]}}